{"id":53,"date":"2023-10-10T09:25:10","date_gmt":"2023-10-10T13:25:10","guid":{"rendered":"http:\/\/web03.tifm.gob.ve\/?page_id=53"},"modified":"2024-12-04T10:08:03","modified_gmt":"2024-12-04T14:08:03","slug":"mision","status":"publish","type":"page","link":"https:\/\/www.tifm.gob.ve\/?page_id=53","title":{"rendered":"Misi\u00f3n y Visi\u00f3n"},"content":{"rendered":"\n<div class=\"wp-block-media-text has-media-on-the-right is-stacked-on-mobile\" style=\"grid-template-columns:auto 25%\"><div class=\"wp-block-media-text__content\">\n<p style=\"text-align: justify;\">Nuestra misi\u00f3n es profundizar la transformaci\u00f3n del espacio insular hacia un modelo de justicia social, con una gesti\u00f3n efectiva orientada a consolidar la autonom\u00eda y gobernabilidad, reivindicando los derechos contemplados en el v\u00e9rtice del ordenamiento jur\u00eddico de la Rep\u00fablica, permitiendo as\u00ed garantizar la seguridad y el desarrollo integral del territorio.<\/p>\n<\/div><figure class=\"wp-block-media-text__media\"><img loading=\"lazy\" decoding=\"async\" width=\"752\" height=\"1025\" src=\"https:\/\/www.tifm.gob.ve\/wp-content\/uploads\/2024\/12\/mision.png\" alt=\"\" class=\"wp-image-2713 size-full\" srcset=\"https:\/\/www.tifm.gob.ve\/\/wp-content\/uploads\/2024\/12\/mision.png 752w, https:\/\/www.tifm.gob.ve\/\/wp-content\/uploads\/2024\/12\/mision-220x300.png 220w\" sizes=\"auto, (max-width: 752px) 100vw, 752px\" \/><\/figure><\/div>\n\n\n\n<div class=\"wp-block-media-text is-stacked-on-mobile\" style=\"grid-template-columns:32% auto\"><figure class=\"wp-block-media-text__media\"><img loading=\"lazy\" decoding=\"async\" width=\"760\" height=\"765\" src=\"https:\/\/www.tifm.gob.ve\/wp-content\/uploads\/2024\/12\/vision.png\" alt=\"Dise\u00f1ado por Freepik\" class=\"wp-image-2714 size-full\" srcset=\"https:\/\/www.tifm.gob.ve\/\/wp-content\/uploads\/2024\/12\/vision.png 760w, https:\/\/www.tifm.gob.ve\/\/wp-content\/uploads\/2024\/12\/vision-298x300.png 298w, https:\/\/www.tifm.gob.ve\/\/wp-content\/uploads\/2024\/12\/vision-150x150.png 150w\" sizes=\"auto, (max-width: 760px) 100vw, 760px\" \/><\/figure><div class=\"wp-block-media-text__content\">\n<p class=\"has-text-align-right\" style=\"text-align: justify;\">Nuestra visi\u00f3n es <strong>constituirnos a nivel nacional e internacional como potencia tur\u00edstica revolucionaria<\/strong>, promoviendo la i<strong>nclusi\u00f3n social, preservando el patrimonio natural y arqueol\u00f3gico<\/strong>, para <strong>alcanzar as\u00ed la soberan\u00eda productiva \u2013 sustentable del Territorio Insular y de la Patria Grande.<\/strong><\/p>\n<\/div><\/div>\n","protected":false},"excerpt":{"rendered":"","protected":false},"author":1,"featured_media":0,"parent":0,"menu_order":0,"comment_status":"closed","ping_status":"closed","template":"","meta":{"footnotes":""},"class_list":["post-53","page","type-page","status-publish","hentry"],"_links":{"self":[{"href":"https:\/\/www.tifm.gob.ve\/index.php?rest_route=\/wp\/v2\/pages\/53","targetHints":{"allow":["GET"]}}],"collection":[{"href":"https:\/\/www.tifm.gob.ve\/index.php?rest_route=\/wp\/v2\/pages"}],"about":[{"href":"https:\/\/www.tifm.gob.ve\/index.php?rest_route=\/wp\/v2\/types\/page"}],"author":[{"embeddable":true,"href":"https:\/\/www.tifm.gob.ve\/index.php?rest_route=\/wp\/v2\/users\/1"}],"replies":[{"embeddable":true,"href":"https:\/\/www.tifm.gob.ve\/index.php?rest_route=%2Fwp%2Fv2%2Fcomments&post=53"}],"version-history":[{"count":7,"href":"https:\/\/www.tifm.gob.ve\/index.php?rest_route=\/wp\/v2\/pages\/53\/revisions"}],"predecessor-version":[{"id":2716,"href":"https:\/\/www.tifm.gob.ve\/index.php?rest_route=\/wp\/v2\/pages\/53\/revisions\/2716"}],"wp:attachment":[{"href":"https:\/\/www.tifm.gob.ve\/index.php?rest_route=%2Fwp%2Fv2%2Fmedia&parent=53"}],"curies":[{"name":"wp","href":"https:\/\/api.w.org\/{rel}","templated":true}]}}