{"id":21,"date":"2023-10-10T08:44:03","date_gmt":"2023-10-10T12:44:03","guid":{"rendered":"http:\/\/web03.tifm.gob.ve\/?page_id=21"},"modified":"2024-02-02T10:37:06","modified_gmt":"2024-02-02T14:37:06","slug":"entes-adscritos","status":"publish","type":"page","link":"https:\/\/www.tifm.gob.ve\/?page_id=21","title":{"rendered":"Entes Adscritos"},"content":{"rendered":"\r\n\t<style type=\"text\/css\">\r\n\t\t .team-manager-free-main-area-1315 { text-align:center; display: block; overflow: hidden; } .team-manager-free-main-area-1315 .team-manager-free-container{ display: -webkit-box; display: -ms-flexbox; display: flex; -ms-flex-wrap: wrap; flex-wrap: wrap; } .team-manager-free-main-area-1315 .team-manager-free-items-thumbnail{ position: relative; border-radius: 100px; width: 200px; height: 200px; overflow: hidden; margin: 0 auto; } .team-manager-free-main-area-1315 .team-manager-free-items-thumbnail img{ width: 100%; height: 100%; object-fit: cover; transition: all 0.3s ease-in-out; } \/* Zoom In *\/ .team-manager-free-main-area-1315 .team-manager-free-items .pic-bottom{ border-radius: 100px; box-shadow: none; outline: medium none; position: absolute; left: 0; right: 0; top: 0; transition: all 0.3s ease 0s; height: 200px; width: 200px; } .team-manager-free-main-area-1315 .team-manager-free-items .pic-bottom:after{ content: \"\\f002\"; font-family: \"FontAwesome\"; position: relative; top:45%; left:0; opacity: 0; color:#fff; font-size: 35px; transition:all 0.3s ease 0s; } .team-manager-free-main-area-1315 .team-manager-free-items:hover .pic-bottom{ background: #c1c1c1; opacity: 0.9; } .team-manager-free-main-area-1315 .team-manager-free-items:hover .pic-bottom:after{ opacity: 1; top:35%; } .team-manager-free-main-area-1315 .team-manager-free-items-title a, .team-manager-free-main-area-1315 .team-manager-free-items .team-manager-free-items-title{ color: #007acc; font-size: 20px; font-style: pro; text-transform: unset; font-weight: 600; line-height: 1.2; margin-bottom: 5px; margin-top: 15px; outline: medium none; text-decoration: none; transition: all 0.3s ease 0s; } .team-manager-free-main-area-1315 .team-manager-free-items-title a:hover{ color:#333333; text-decoration: none; } .team-manager-free-main-area-1315 .team-manager-free-items-designation{ display: block; margin-bottom: 10px; color:#333333; font-size:15px; font-style: ; text-transform: unset; } .team-manager-free-main-area-1315 .team-manager-free-items-social{ list-style: none; padding: 0; margin: 0; } .team-manager-free-main-area-1315 .team-manager-free-items-social li{ display: inline-block; margin: 5px 0px 0px 0px; } .team-manager-free-main-area-1315 .team-manager-free-items-social li a{ display: flex; -webkit-box-align: center; -ms-flex-align: center; align-items: center; justify-content: center; background: FFFFFF; color: 000000; border-radius: 50px; width: 30px; height: 30px; box-shadow: none; outline: medium none; text-decoration: none; transition: all 0.3s ease 0s; border:none; } .team-manager-free-main-area-1315 .team-manager-free-items-social li a:hover{ color:DD3333; background:; } .team-manager-free-main-area-1315 .teamshowcasefree-col-lg-1, .team-manager-free-main-area-1315 .teamshowcasefree-col-lg-2, .team-manager-free-main-area-1315 .teamshowcasefree-col-lg-3, .team-manager-free-main-area-1315 .teamshowcasefree-col-lg-4, .team-manager-free-main-area-1315 .teamshowcasefree-col-lg-5, .team-manager-free-main-area-1315 .teamshowcasefree-col-lg-6, .team-manager-free-main-area-1315 .teamshowcasefree-col-md-1, .team-manager-free-main-area-1315 .teamshowcasefree-col-md-2, .team-manager-free-main-area-1315 .teamshowcasefree-col-md-3, .team-manager-free-main-area-1315 .teamshowcasefree-col-md-4, .team-manager-free-main-area-1315 .teamshowcasefree-col-md-5, .team-manager-free-main-area-1315 .teamshowcasefree-col-md-6, .team-manager-free-main-area-1315 .teamshowcasefree-col-sm-1, .team-manager-free-main-area-1315 .teamshowcasefree-col-sm-2, .team-manager-free-main-area-1315 .teamshowcasefree-col-sm-3, .team-manager-free-main-area-1315 .teamshowcasefree-col-sm-4, .team-manager-free-main-area-1315 .teamshowcasefree-col-sm-5, .team-manager-free-main-area-1315 .teamshowcasefree-col-sm-6, .team-manager-free-main-area-1315 .teamshowcasefree-col-xs-1, .team-manager-free-main-area-1315 .teamshowcasefree-col-xs-2, .team-manager-free-main-area-1315 .teamshowcasefree-col-xs-3, .team-manager-free-main-area-1315 .teamshowcasefree-col-xs-4, .team-manager-free-main-area-1315 .teamshowcasefree-col-xs-5, .team-manager-free-main-area-1315 .teamshowcasefree-col-xs-6 { float: left; margin-bottom: 30px !important; min-height: 1px; padding-left: px !important; padding-right: px !important; position: relative; } \t<\/style>\r\n\r\n\t<div class=\"team-manager-free-main-area-1315\">\r\n\t\t<div class=\"team-manager-free-container\">\r\n\t\t\t\r\n\t\t\t\t<div class=\"teamshowcasefree-col-lg-3 teamshowcasefree-col-md-3 teamshowcasefree-col-sm-2 teamshowcasefree-col-xs-1\">\r\n\t\t\t\t\t<div class=\"team-manager-free-items\">\r\n\t\t\t\t\t\t<div class=\"team-manager-free-items-thumbnail\">\r\n\t\t\t\t\t\t\t<a href=\"#team-popup-area-1839115404\" class=\"open-popup-link\" data-effect=\"mfp-zoom-in\">\r\n\t\t\t\t\t\t\t\t<img loading=\"lazy\" decoding=\"async\" width=\"300\" height=\"131\" src=\"https:\/\/www.tifm.gob.ve\/\/wp-content\/uploads\/2023\/10\/CORPOTUR.png\" class=\"attachment- size- wp-post-image\" alt=\"\" \/>\t\t\t\t\t\t\t<\/a>\r\n\t\t\t\t\t\t\t<a href=\"#team-popup-area-1839115404\" class=\"open-popup-link pic-bottom\" data-effect=\"mfp-zoom-in\"><\/a>\r\n\t\t\t\t\t\t<\/div>\r\n\t\t\t\t\t\t<div class=\"team-manager-free-items-profiles\">\r\n\t\t\t\t\t\t\t<h3 class=\"team-manager-free-items-title\">\r\n\t\t\t\t\t\t\t\t<a href=\"#team-popup-area-1839115404\" class=\"open-popup-link\" data-effect=\"mfp-zoom-in\">CORPORACI\u00d3N DE TURISMO INSULAR MIRANDA, C.A. (CORPOTUR)<\/a>\r\n\t\t\t\t\t\t\t<\/h3>\r\n\r\n\t\t\t\t\t\t\t\r\n\t\t\t\t\t\t\t<ul class=\"team-manager-free-items-social\">\r\n\t\t\t\t\t\t\t\t\r\n\t\t\t\t\t\t\t<\/ul>\r\n\t\t\t\t\t\t<\/div>\r\n\r\n\t\t\t\t\t\t\r\n<div id=\"team-popup-area-1839115404\" class=\"mfp-hide white-popup style-one\">\r\n      <div class=\"team-manager-container\">\r\n            <div class=\"team-manager-row\">\r\n            \t<div class=\"tsrow-col-md-4\">\r\n            \t\t<div class=\"team-manager-popup-left-area\">\r\n            \t\t\t<div class=\"left-box-thumbnail\">\r\n            \t\t\t\t<img loading=\"lazy\" decoding=\"async\" width=\"300\" height=\"131\" src=\"https:\/\/www.tifm.gob.ve\/\/wp-content\/uploads\/2023\/10\/CORPOTUR.png\" class=\"attachment-large size-large wp-post-image\" alt=\"\" \/>            \t\t\t<\/div>\r\n            \t\t\t<div class=\"left-box-client-information\">\r\n\t\t\t\t\t\t<h3 class=\"team-manager-popup-designation\">\r\n\t\t\t\t\t\t\t\t\t\t\t\t\t<\/h3>\r\n            \t\t\t\t\r\n<ul class=\"tp-tmffree-popup-info\">\r\n\t\r\n\t\r\n\t\r\n\t<\/ul>            \t\t\t<\/div>\r\n\t\t\t\t\t<ul class=\"left-box-social-items\">\r\n\t\t\t\t\t\t\r\n\t\t\t\t\t<\/ul>\r\n            \t\t<\/div>\r\n            \t<\/div>\r\n            \t<div class=\"tsrow-col-md-8\">\r\n            \t\t<div class=\"team-manager-popup-right-area\">\r\n            \t\t\t<h2 class=\"left-box-title\">CORPORACI\u00d3N DE TURISMO INSULAR MIRANDA, C.A. (CORPOTUR)<\/h2>\r\n            \t\t\t<p>OBJETIVO:<\/p>\n<p>Desarrollar y fomentar la actividad tur\u00edstica en el <br \/>\nTerritorio Insular Francisco de Miranda.<\/p>\n<p>\nFUNCIONES:<\/p>\n<p>Promoci\u00f3n de paquetes tur\u00edsticos a precios accesibles y razonables.<\/p>\n<p>Comercializaci\u00f3n y organizaci\u00f3n de eventos.<\/p>\n<p>Gesti\u00f3n y administraci\u00f3n hotelera y alojamiento en general.<\/p>\n<p>Transporte multimodal destinado a la actividad tur\u00edstica.<\/p>\n<p>Elaborar, dise\u00f1ar y ejecutar todo tipo de planes, proyectos, <br \/>\nprogramas y trabajos relacionados con el turismo.<\/p>\n            \t\t<\/div>\r\n            \t<\/div>\r\n            <\/div>\r\n      <\/div>\r\n<\/div>\t\t\t\t\t<\/div>\r\n\t\t\t\t<\/div>\r\n\t\t\t\r\n\t\t\t\t<div class=\"teamshowcasefree-col-lg-3 teamshowcasefree-col-md-3 teamshowcasefree-col-sm-2 teamshowcasefree-col-xs-1\">\r\n\t\t\t\t\t<div class=\"team-manager-free-items\">\r\n\t\t\t\t\t\t<div class=\"team-manager-free-items-thumbnail\">\r\n\t\t\t\t\t\t\t<a href=\"#team-popup-area-176899125\" class=\"open-popup-link\" data-effect=\"mfp-zoom-in\">\r\n\t\t\t\t\t\t\t\t<img loading=\"lazy\" decoding=\"async\" width=\"400\" height=\"407\" src=\"https:\/\/www.tifm.gob.ve\/\/wp-content\/uploads\/2024\/02\/logo-fundamar-400x400-1.jpeg\" class=\"attachment- size- wp-post-image\" alt=\"\" srcset=\"https:\/\/www.tifm.gob.ve\/\/wp-content\/uploads\/2024\/02\/logo-fundamar-400x400-1.jpeg 400w, https:\/\/www.tifm.gob.ve\/\/wp-content\/uploads\/2024\/02\/logo-fundamar-400x400-1-295x300.jpeg 295w\" sizes=\"auto, (max-width: 400px) 100vw, 400px\" \/>\t\t\t\t\t\t\t<\/a>\r\n\t\t\t\t\t\t\t<a href=\"#team-popup-area-176899125\" class=\"open-popup-link pic-bottom\" data-effect=\"mfp-zoom-in\"><\/a>\r\n\t\t\t\t\t\t<\/div>\r\n\t\t\t\t\t\t<div class=\"team-manager-free-items-profiles\">\r\n\t\t\t\t\t\t\t<h3 class=\"team-manager-free-items-title\">\r\n\t\t\t\t\t\t\t\t<a href=\"#team-popup-area-176899125\" class=\"open-popup-link\" data-effect=\"mfp-zoom-in\">FUNDACI\u00d3N DE INVESTIGACIONES MAR\u00cdTIMAS FRANCISCO DE MIRANDA (FUNDAMAR)<\/a>\r\n\t\t\t\t\t\t\t<\/h3>\r\n\r\n\t\t\t\t\t\t\t\r\n\t\t\t\t\t\t\t<ul class=\"team-manager-free-items-social\">\r\n\t\t\t\t\t\t\t\t\r\n\t\t\t\t\t\t\t<\/ul>\r\n\t\t\t\t\t\t<\/div>\r\n\r\n\t\t\t\t\t\t\r\n<div id=\"team-popup-area-176899125\" class=\"mfp-hide white-popup style-one\">\r\n      <div class=\"team-manager-container\">\r\n            <div class=\"team-manager-row\">\r\n            \t<div class=\"tsrow-col-md-4\">\r\n            \t\t<div class=\"team-manager-popup-left-area\">\r\n            \t\t\t<div class=\"left-box-thumbnail\">\r\n            \t\t\t\t<img loading=\"lazy\" decoding=\"async\" width=\"400\" height=\"407\" src=\"https:\/\/www.tifm.gob.ve\/\/wp-content\/uploads\/2024\/02\/logo-fundamar-400x400-1.jpeg\" class=\"attachment-large size-large wp-post-image\" alt=\"\" srcset=\"https:\/\/www.tifm.gob.ve\/\/wp-content\/uploads\/2024\/02\/logo-fundamar-400x400-1.jpeg 400w, https:\/\/www.tifm.gob.ve\/\/wp-content\/uploads\/2024\/02\/logo-fundamar-400x400-1-295x300.jpeg 295w\" sizes=\"auto, (max-width: 400px) 100vw, 400px\" \/>            \t\t\t<\/div>\r\n            \t\t\t<div class=\"left-box-client-information\">\r\n\t\t\t\t\t\t<h3 class=\"team-manager-popup-designation\">\r\n\t\t\t\t\t\t\t\t\t\t\t\t\t<\/h3>\r\n            \t\t\t\t\r\n<ul class=\"tp-tmffree-popup-info\">\r\n\t\r\n\t\r\n\t\r\n\t<\/ul>            \t\t\t<\/div>\r\n\t\t\t\t\t<ul class=\"left-box-social-items\">\r\n\t\t\t\t\t\t\r\n\t\t\t\t\t<\/ul>\r\n            \t\t<\/div>\r\n            \t<\/div>\r\n            \t<div class=\"tsrow-col-md-8\">\r\n            \t\t<div class=\"team-manager-popup-right-area\">\r\n            \t\t\t<h2 class=\"left-box-title\">FUNDACI\u00d3N DE INVESTIGACIONES MAR\u00cdTIMAS FRANCISCO DE MIRANDA (FUNDAMAR)<\/h2>\r\n            \t\t\t<p>OBJETIVO:<\/p>\n<p>Protecci\u00f3n y defensa del patrimonio cultural subacu\u00e1tico, <br \/>\nas\u00ed como el fomento y desarrollo de investigaciones cient\u00edficas <br \/>\nmarinas y submarinas, a fin de contribuir con el conocimiento <br \/>\ncient\u00edfico e investigativo, en procura del desarrollo sustentable y <br \/>\nsostenible y del beneficio socioecon\u00f3mico y cultural de las <br \/>\ngeneraciones presentes y futuras.<\/p>\n<p>FUNCIONES:<\/p>\n<p>Desarrollar y administrar la plataforma de investigaci\u00f3n cient\u00edfica, <br \/>\ntecnol\u00f3gica y arqueol\u00f3gica en el Territorio Insular Francisco de <br \/>\nMiranda.<\/p>\n<p>Desarrollar la arqueolog\u00eda subacu\u00e1tica en el Territorio Insular <br \/>\nFrancisco de Miranda.<\/p>\n<p>Coordinar con organizaciones nacionales e internacionales para el <br \/>\ndesarrollo de investigaciones marinas y submarinas.<\/p>\n<p>Divulgar a la comunidad nacional e internacional sobre el desarrollo <br \/>\nde las investigaciones y exploraciones realizadas, a trav\u00e9s de <br \/>\nexposiciones y medios de comunicaci\u00f3n.<\/p>\n            \t\t<\/div>\r\n            \t<\/div>\r\n            <\/div>\r\n      <\/div>\r\n<\/div>\t\t\t\t\t<\/div>\r\n\t\t\t\t<\/div>\r\n\t\t\t\r\n\t\t\t\t<div class=\"teamshowcasefree-col-lg-3 teamshowcasefree-col-md-3 teamshowcasefree-col-sm-2 teamshowcasefree-col-xs-1\">\r\n\t\t\t\t\t<div class=\"team-manager-free-items\">\r\n\t\t\t\t\t\t<div class=\"team-manager-free-items-thumbnail\">\r\n\t\t\t\t\t\t\t<a href=\"#team-popup-area-503833970\" class=\"open-popup-link\" data-effect=\"mfp-zoom-in\">\r\n\t\t\t\t\t\t\t\t<img loading=\"lazy\" decoding=\"async\" width=\"400\" height=\"400\" src=\"https:\/\/www.tifm.gob.ve\/\/wp-content\/uploads\/2024\/02\/logo-fundaimir.jpeg\" class=\"attachment- size- wp-post-image\" alt=\"\" srcset=\"https:\/\/www.tifm.gob.ve\/\/wp-content\/uploads\/2024\/02\/logo-fundaimir.jpeg 400w, https:\/\/www.tifm.gob.ve\/\/wp-content\/uploads\/2024\/02\/logo-fundaimir-300x300.jpeg 300w, https:\/\/www.tifm.gob.ve\/\/wp-content\/uploads\/2024\/02\/logo-fundaimir-150x150.jpeg 150w\" sizes=\"auto, (max-width: 400px) 100vw, 400px\" \/>\t\t\t\t\t\t\t<\/a>\r\n\t\t\t\t\t\t\t<a href=\"#team-popup-area-503833970\" class=\"open-popup-link pic-bottom\" data-effect=\"mfp-zoom-in\"><\/a>\r\n\t\t\t\t\t\t<\/div>\r\n\t\t\t\t\t\t<div class=\"team-manager-free-items-profiles\">\r\n\t\t\t\t\t\t\t<h3 class=\"team-manager-free-items-title\">\r\n\t\t\t\t\t\t\t\t<a href=\"#team-popup-area-503833970\" class=\"open-popup-link\" data-effect=\"mfp-zoom-in\">FUNDACI\u00d3N DE ALIMENTOS INSULAR FRANCISCO DE MIRANDA (FUNDAIMIR)<\/a>\r\n\t\t\t\t\t\t\t<\/h3>\r\n\r\n\t\t\t\t\t\t\t\r\n\t\t\t\t\t\t\t<ul class=\"team-manager-free-items-social\">\r\n\t\t\t\t\t\t\t\t\r\n\t\t\t\t\t\t\t<\/ul>\r\n\t\t\t\t\t\t<\/div>\r\n\r\n\t\t\t\t\t\t\r\n<div id=\"team-popup-area-503833970\" class=\"mfp-hide white-popup style-one\">\r\n      <div class=\"team-manager-container\">\r\n            <div class=\"team-manager-row\">\r\n            \t<div class=\"tsrow-col-md-4\">\r\n            \t\t<div class=\"team-manager-popup-left-area\">\r\n            \t\t\t<div class=\"left-box-thumbnail\">\r\n            \t\t\t\t<img loading=\"lazy\" decoding=\"async\" width=\"400\" height=\"400\" src=\"https:\/\/www.tifm.gob.ve\/\/wp-content\/uploads\/2024\/02\/logo-fundaimir.jpeg\" class=\"attachment-large size-large wp-post-image\" alt=\"\" srcset=\"https:\/\/www.tifm.gob.ve\/\/wp-content\/uploads\/2024\/02\/logo-fundaimir.jpeg 400w, https:\/\/www.tifm.gob.ve\/\/wp-content\/uploads\/2024\/02\/logo-fundaimir-300x300.jpeg 300w, https:\/\/www.tifm.gob.ve\/\/wp-content\/uploads\/2024\/02\/logo-fundaimir-150x150.jpeg 150w\" sizes=\"auto, (max-width: 400px) 100vw, 400px\" \/>            \t\t\t<\/div>\r\n            \t\t\t<div class=\"left-box-client-information\">\r\n\t\t\t\t\t\t<h3 class=\"team-manager-popup-designation\">\r\n\t\t\t\t\t\t\t\t\t\t\t\t\t<\/h3>\r\n            \t\t\t\t\r\n<ul class=\"tp-tmffree-popup-info\">\r\n\t\r\n\t\r\n\t\r\n\t<\/ul>            \t\t\t<\/div>\r\n\t\t\t\t\t<ul class=\"left-box-social-items\">\r\n\t\t\t\t\t\t\r\n\t\t\t\t\t<\/ul>\r\n            \t\t<\/div>\r\n            \t<\/div>\r\n            \t<div class=\"tsrow-col-md-8\">\r\n            \t\t<div class=\"team-manager-popup-right-area\">\r\n            \t\t\t<h2 class=\"left-box-title\">FUNDACI\u00d3N DE ALIMENTOS INSULAR FRANCISCO DE MIRANDA (FUNDAIMIR)<\/h2>\r\n            \t\t\t<p>OBJETIVO: Garantizar un abastecimiento estable y permanente a la poblaci\u00f3n del Territorio Insular Francisco de Miranda y a los trabajadores al servicio de la Jefatura de Gobierno y entes adscritos.<\/p>\n<p>FUNCIONES:<br \/>\n1. Procura de alimentos y bienes de consumo b\u00e1sico para bastecer a la poblaci\u00f3n del archipi\u00e9lago Los Roques y a los trabajadores al servicio del Gobierno del Territorio Insular Francisco de Miranda y sus entes adscritos.<br \/>\n2. Comercializaci\u00f3n de alimentos, productos de higiene personal y productos de consumo b\u00e1sico, para abastecer a la poblaci\u00f3n del archipi\u00e9lago Los Roques y al personal del Territorio Insular Francisco de Miranda y entes adscritos.<\/p>\n            \t\t<\/div>\r\n            \t<\/div>\r\n            <\/div>\r\n      <\/div>\r\n<\/div>\t\t\t\t\t<\/div>\r\n\t\t\t\t<\/div>\r\n\t\t\t\r\n\t\t\t\t<div class=\"teamshowcasefree-col-lg-3 teamshowcasefree-col-md-3 teamshowcasefree-col-sm-2 teamshowcasefree-col-xs-1\">\r\n\t\t\t\t\t<div class=\"team-manager-free-items\">\r\n\t\t\t\t\t\t<div class=\"team-manager-free-items-thumbnail\">\r\n\t\t\t\t\t\t\t<a href=\"#team-popup-area-1816305614\" class=\"open-popup-link\" data-effect=\"mfp-zoom-in\">\r\n\t\t\t\t\t\t\t\t<img loading=\"lazy\" decoding=\"async\" width=\"300\" height=\"173\" src=\"https:\/\/www.tifm.gob.ve\/\/wp-content\/uploads\/2023\/10\/SATIM.png\" class=\"attachment- size- wp-post-image\" alt=\"\" \/>\t\t\t\t\t\t\t<\/a>\r\n\t\t\t\t\t\t\t<a href=\"#team-popup-area-1816305614\" class=\"open-popup-link pic-bottom\" data-effect=\"mfp-zoom-in\"><\/a>\r\n\t\t\t\t\t\t<\/div>\r\n\t\t\t\t\t\t<div class=\"team-manager-free-items-profiles\">\r\n\t\t\t\t\t\t\t<h3 class=\"team-manager-free-items-title\">\r\n\t\t\t\t\t\t\t\t<a href=\"#team-popup-area-1816305614\" class=\"open-popup-link\" data-effect=\"mfp-zoom-in\">SERVICIO DE ADMINISTRACI\u00d3N TRIBUTARIA INSULAR MIRANDA (SATIM)<\/a>\r\n\t\t\t\t\t\t\t<\/h3>\r\n\r\n\t\t\t\t\t\t\t\r\n\t\t\t\t\t\t\t<ul class=\"team-manager-free-items-social\">\r\n\t\t\t\t\t\t\t\t\r\n\t\t\t\t\t\t\t<\/ul>\r\n\t\t\t\t\t\t<\/div>\r\n\r\n\t\t\t\t\t\t\r\n<div id=\"team-popup-area-1816305614\" class=\"mfp-hide white-popup style-one\">\r\n      <div class=\"team-manager-container\">\r\n            <div class=\"team-manager-row\">\r\n            \t<div class=\"tsrow-col-md-4\">\r\n            \t\t<div class=\"team-manager-popup-left-area\">\r\n            \t\t\t<div class=\"left-box-thumbnail\">\r\n            \t\t\t\t<img loading=\"lazy\" decoding=\"async\" width=\"300\" height=\"173\" src=\"https:\/\/www.tifm.gob.ve\/\/wp-content\/uploads\/2023\/10\/SATIM.png\" class=\"attachment-large size-large wp-post-image\" alt=\"\" \/>            \t\t\t<\/div>\r\n            \t\t\t<div class=\"left-box-client-information\">\r\n\t\t\t\t\t\t<h3 class=\"team-manager-popup-designation\">\r\n\t\t\t\t\t\t\t\t\t\t\t\t\t<\/h3>\r\n            \t\t\t\t\r\n<ul class=\"tp-tmffree-popup-info\">\r\n\t\r\n\t\r\n\t\r\n\t<\/ul>            \t\t\t<\/div>\r\n\t\t\t\t\t<ul class=\"left-box-social-items\">\r\n\t\t\t\t\t\t\r\n\t\t\t\t\t<\/ul>\r\n            \t\t<\/div>\r\n            \t<\/div>\r\n            \t<div class=\"tsrow-col-md-8\">\r\n            \t\t<div class=\"team-manager-popup-right-area\">\r\n            \t\t\t<h2 class=\"left-box-title\">SERVICIO DE ADMINISTRACI\u00d3N TRIBUTARIA INSULAR MIRANDA (SATIM)<\/h2>\r\n            \t\t\t<p>OBJETIVO:<\/p>\n<p>Ejecutar las actividades administrativas y tributarias de<br \/>\nacuerdo a sus funciones, tendentes a obtener recursos financieros<br \/>\ndestinados a la auto sustentabilidad del Territorio Insular Francisco<br \/>\nde Miranda y contribuir al desarrollo econ\u00f3mico y social del mismo.<\/p>\n<p>FUNCIONES:<\/p>\n<ol>\n<li style=\"text-align: justify;\">Dirigir y administrar el sistema de los tributos y recaudaci\u00f3n por la<br \/>\nprestaci\u00f3n de servicios del Territorio Insular Francisco de Miranda, en <br \/>\nconcordancia con las instrucciones impartidas por la Jefatura de <br \/>\nGobierno y lo establecido en las normas que rigen la materia.<\/li>\n<li style=\"text-align: justify;\">Participar y elaborar propuestas, para definir la pol\u00edtica tributaria y <br \/>\nde recaudaci\u00f3n por la prestaci\u00f3n de servicios en el Territorio Insular <br \/>\nFrancisco de Miranda.<\/li>\n<li style=\"text-align: justify;\">Ejecutar la pol\u00edtica tributaria de acuerdo a las instrucciones <br \/>\nimpartidas por la Jefatura de Gobierno.<\/li>\n<li style=\"text-align: justify;\">Recaudar los tributos, las multas, los intereses, obligaciones no <br \/>\ntributarias y dem\u00e1s obligaciones accesorias y emitir las respectivas <br \/>\nsolvencias cuando corresponda.<\/li>\n<li style=\"text-align: justify;\">Organizar, recaudar, controlar y administrar los ramos tributarios y <br \/>\nespecies fiscales que correspondan al Territorio Insular Francisco de <br \/>\nMiranda.<\/li>\n<li style=\"text-align: justify;\">Coordinar con las dependencias de los \u00f3rganos y entes de la <br \/>\nAdministraci\u00f3n P\u00fablica Nacional, Estadal y Municipal, Entidades <br \/>\nP\u00fablicas Gubernamentales o Dependencias Oficiales y dem\u00e1s entes <br \/>\np\u00fablicos o privados, nacionales o internacionales, aquellas labores <br \/>\nque deba ejecutar el Servicio Desconcentrado, tendentes al mejor <br \/>\ndesarrollo de las funciones o actividades del Territorio Insular <br \/>\nFrancisco de Miranda.<\/li>\n<li style=\"text-align: justify;\">Otorgar los correspondientes permisos por la prestaci\u00f3n del servicio <br \/>\nde transporte de aeronaves y embarcaciones que arriben o <br \/>\ndesembarquen en el Territorio Insular Francisco de Miranda y <br \/>\ncualquier otro permiso o solvencia que tenga relaci\u00f3n con una <br \/>\nactividad que se encuentre gravada en ese territorio insular.<\/li>\n<li style=\"text-align: justify;\">Elaborar el proyecto de Presupuesto del Servicio Desconcentrado <br \/>\npara la consideraci\u00f3n y aprobaci\u00f3n del Jefe o Jefa de Gobierno.<\/li>\n<li style=\"text-align: justify;\">Administrar el presupuesto que le sea asignado para la ejecuci\u00f3n de <br \/>\nsus gastos, apegado al ordenamiento jur\u00eddico que rige la materia.<\/li>\n<li style=\"text-align: justify;\">Establecer los mecanismos de control previo de la gesti\u00f3n, tanto <br \/>\nadministrativa como tributaria, que sean necesarias en el <br \/>\ncumplimiento de sus obligaciones.<\/li>\n<li style=\"text-align: justify;\">Administrar los recursos asignados, sea cuales fuere, de acuerdo al <br \/>\nordenamiento legal vigente.<\/li>\n<li style=\"text-align: justify;\">Elaborar los informes financieros, contables y presupuestarios <br \/>\nnecesarios, y presentarlos a la Jefatura de Gobierno.<\/li>\n<li style=\"text-align: justify;\">Realizar convenios interinstitucionales con organismos nacionales, <br \/>\nestadales o municipales para la realizaci\u00f3n de las funciones de <br \/>\nrecaudaci\u00f3n, cobro, notificaci\u00f3n, levantamiento de estad\u00edsticas, <br \/>\nprocesamiento de documentos y captura de transferencia de los <br \/>\ndatos en ellos contenidos, previa autorizaci\u00f3n del Jefe o Jefa de <br \/>\nGobierno.<\/li>\n<li style=\"text-align: justify;\">Velar por la correcta aplicaci\u00f3n del sistema de administraci\u00f3n <br \/>\ntributaria a su cargo, a fin de lograr eficientemente los objetivos del <br \/>\nservicio, y en general, las dem\u00e1s que le correspondan de acuerdo al <br \/>\nordenamiento jur\u00eddico aplicable.<\/li>\n<li style=\"text-align: justify;\">Las dem\u00e1s funciones que le sean asignadas por la autoridad <br \/>\ncompetente, por la normativa vigente y acordes con la naturaleza <br \/>\ndel \u00d3rgano.<\/li>\n<\/ol>\n            \t\t<\/div>\r\n            \t<\/div>\r\n            <\/div>\r\n      <\/div>\r\n<\/div>\t\t\t\t\t<\/div>\r\n\t\t\t\t<\/div>\r\n\t\t\t\r\n\t\t\t\t<div class=\"teamshowcasefree-col-lg-3 teamshowcasefree-col-md-3 teamshowcasefree-col-sm-2 teamshowcasefree-col-xs-1\">\r\n\t\t\t\t\t<div class=\"team-manager-free-items\">\r\n\t\t\t\t\t\t<div class=\"team-manager-free-items-thumbnail\">\r\n\t\t\t\t\t\t\t<a href=\"#team-popup-area-1744268905\" class=\"open-popup-link\" data-effect=\"mfp-zoom-in\">\r\n\t\t\t\t\t\t\t\t<img loading=\"lazy\" decoding=\"async\" width=\"300\" height=\"300\" src=\"https:\/\/www.tifm.gob.ve\/\/wp-content\/uploads\/2023\/10\/SAIM.jpg\" class=\"attachment- size- wp-post-image\" alt=\"\" srcset=\"https:\/\/www.tifm.gob.ve\/\/wp-content\/uploads\/2023\/10\/SAIM.jpg 300w, https:\/\/www.tifm.gob.ve\/\/wp-content\/uploads\/2023\/10\/SAIM-150x150.jpg 150w\" sizes=\"auto, (max-width: 300px) 100vw, 300px\" \/>\t\t\t\t\t\t\t<\/a>\r\n\t\t\t\t\t\t\t<a href=\"#team-popup-area-1744268905\" class=\"open-popup-link pic-bottom\" data-effect=\"mfp-zoom-in\"><\/a>\r\n\t\t\t\t\t\t<\/div>\r\n\t\t\t\t\t\t<div class=\"team-manager-free-items-profiles\">\r\n\t\t\t\t\t\t\t<h3 class=\"team-manager-free-items-title\">\r\n\t\t\t\t\t\t\t\t<a href=\"#team-popup-area-1744268905\" class=\"open-popup-link\" data-effect=\"mfp-zoom-in\">SERVICIO AEROPORTUARIO INSULAR MIRANDA (SAIM).<\/a>\r\n\t\t\t\t\t\t\t<\/h3>\r\n\r\n\t\t\t\t\t\t\t\r\n\t\t\t\t\t\t\t<ul class=\"team-manager-free-items-social\">\r\n\t\t\t\t\t\t\t\t\r\n\t\t\t\t\t\t\t<\/ul>\r\n\t\t\t\t\t\t<\/div>\r\n\r\n\t\t\t\t\t\t\r\n<div id=\"team-popup-area-1744268905\" class=\"mfp-hide white-popup style-one\">\r\n      <div class=\"team-manager-container\">\r\n            <div class=\"team-manager-row\">\r\n            \t<div class=\"tsrow-col-md-4\">\r\n            \t\t<div class=\"team-manager-popup-left-area\">\r\n            \t\t\t<div class=\"left-box-thumbnail\">\r\n            \t\t\t\t<img loading=\"lazy\" decoding=\"async\" width=\"300\" height=\"300\" src=\"https:\/\/www.tifm.gob.ve\/\/wp-content\/uploads\/2023\/10\/SAIM.jpg\" class=\"attachment-large size-large wp-post-image\" alt=\"\" srcset=\"https:\/\/www.tifm.gob.ve\/\/wp-content\/uploads\/2023\/10\/SAIM.jpg 300w, https:\/\/www.tifm.gob.ve\/\/wp-content\/uploads\/2023\/10\/SAIM-150x150.jpg 150w\" sizes=\"auto, (max-width: 300px) 100vw, 300px\" \/>            \t\t\t<\/div>\r\n            \t\t\t<div class=\"left-box-client-information\">\r\n\t\t\t\t\t\t<h3 class=\"team-manager-popup-designation\">\r\n\t\t\t\t\t\t\t\t\t\t\t\t\t<\/h3>\r\n            \t\t\t\t\r\n<ul class=\"tp-tmffree-popup-info\">\r\n\t\r\n\t\r\n\t\r\n\t<\/ul>            \t\t\t<\/div>\r\n\t\t\t\t\t<ul class=\"left-box-social-items\">\r\n\t\t\t\t\t\t\r\n\t\t\t\t\t<\/ul>\r\n            \t\t<\/div>\r\n            \t<\/div>\r\n            \t<div class=\"tsrow-col-md-8\">\r\n            \t\t<div class=\"team-manager-popup-right-area\">\r\n            \t\t\t<h2 class=\"left-box-title\">SERVICIO AEROPORTUARIO INSULAR MIRANDA (SAIM).<\/h2>\r\n            \t\t\t<p style=\"text-align: justify;\">OBJETIVO:<\/p>\n<p style=\"text-align: justify;\">Desarrollo, explotaci\u00f3n y aprovechamiento del conjunto<br \/>\nde obras e instalaciones destinadas al transporte a\u00e9reo civil que se <br \/>\nencuentren en el Territorio Insular Francisco de Miranda, ejecutando <br \/>\nprogramas en materia de seguridad a\u00e9rea que permita lograr un <br \/>\nespacio m\u00e1s eficiente para atender la demanda de movilidad a\u00e9rea.<\/p>\n<p style=\"text-align: justify;\">FUNCIONES:<\/p>\n<ol>\n<li style=\"text-align: justify;\">El ejercicio de la autoridad aeroportuaria dando estricto <br \/>\ncumplimiento a la Ley de Aeron\u00e1utica Civil, las Regulaciones <br \/>\nAeron\u00e1uticas Venezolanas, Normas Complementarias y a todas<br \/>\nlas disposiciones normativas, que rijan la materia emanada <br \/>\ndel Poder P\u00fablico Nacional y la Autoridad Aeron\u00e1utica.<\/li>\n<li style=\"text-align: justify;\">Asumir la gesti\u00f3n operativa de los aer\u00f3dromos ubicados en el <br \/>\nTerritorio Insular Francisco de Miranda.<\/li>\n<li style=\"text-align: justify;\">Mantener un enlace permanente con los dem\u00e1s aeropuertos, tanto<br \/>\nnacionales como extranjeros, para prestarles o exigirles, seg\u00fan sea el<br \/>\ncaso, la cooperaci\u00f3n que requieran las necesidades del tr\u00e1fico a\u00e9reo.<\/li>\n<li style=\"text-align: justify;\">Ejecutar la pol\u00edtica aeroportuaria de acuerdo a las instrucciones <br \/>\nimpartidas por la Jefatura de Gobierno.<\/li>\n<li style=\"text-align: justify;\">Elaborar el proyecto de Presupuesto del Servicio Desconcentrado<br \/>\npara la consideraci\u00f3n y aprobaci\u00f3n del Jefe o Jefa de Gobierno.<\/li>\n<li style=\"text-align: justify;\">Administrar el presupuesto que le sea asignado para la ejecuci\u00f3n de<br \/>\nsus gastos, apegado al Ordenamiento Jur\u00eddico que rige la materia.<\/li>\n<li style=\"text-align: justify;\">Establecer los mecanismos de control previo de la gesti\u00f3n, tanto<br \/>\nadministrativa como financiera, que sean necesarias en el<br \/>\ncumplimiento de sus obligaciones.<\/li>\n<li style=\"text-align: justify;\">Elaborar los planes y proyectos para la aprobaci\u00f3n de la Jefatura de <br \/>\nGobierno, para mejorar la eficiencia y funcionamiento de los <br \/>\naer\u00f3dromos ubicados en el Territorio Insular Francisco de Miranda.<\/li>\n<li style=\"text-align: justify;\">Elaborar el plan de seguridad y emergencias en coordinaci\u00f3n con la <br \/>\nSecretar\u00eda de Seguridad Ciudadana de la Jefatura de Gobierno del <br \/>\nTerritorio Insular Francisco de Miranda; as\u00ed como el programa de <br \/>\nseguridad y facilitaci\u00f3n de los aer\u00f3dromos ubicados en el Territorio <br \/>\nInsular Francisco de Miranda.<\/li>\n<li style=\"text-align: justify;\">Coordinar con la Autoridad Aeron\u00e1utica de la Rep\u00fablica en los <br \/>\naer\u00f3dromos ubicados en el Territorio Insular Francisco de Miranda, <br \/>\nlos servicios de aterrizaje, despegue, descarga y carga de aeronaves, <br \/>\ntransferencia, transito de mercanc\u00eda, almacenamiento, tr\u00e1fico <br \/>\ninternacional, movilizaci\u00f3n pesaje de carga y operaciones realizadas <br \/>\npor los diferentes operadores aeroportuarios, garantizando as\u00ed que <br \/>\nse cumplan todos procedimientos establecidos de acuerdo a las <br \/>\ndirectrices de la Jefatura de Gobierno, Ley de Aeron\u00e1utica civil y <br \/>\nRegulaciones Aeron\u00e1uticas Venezolanas.<\/li>\n<li style=\"text-align: justify;\">Coordinar el control de acceso y salida del personal, veh\u00edculos y <br \/>\nequipos a las zonas aeroportuarias.<\/li>\n<li style=\"text-align: justify;\">Planificar y coordinar las actividades del personal de las zonas a la <br \/>\ncual corresponda su jurisdicci\u00f3n.<\/li>\n<li style=\"text-align: justify;\">Coordinar y verificar el control de las operaciones mediante <br \/>\nestad\u00edsticas e informes que deber\u00e1n ser remitidos al Instituto <br \/>\nNacional de Aeron\u00e1utica Civil y la Jefatura de Gobierno.<\/li>\n<li style=\"text-align: justify;\">Aprobar la programaci\u00f3n y asignaci\u00f3n de puestos de aterrizaje a <br \/>\naeronaves nacionales en la plataforma de acuerdo a la disponibilidad <br \/>\ny caracter\u00edstica de cada una.<\/li>\n<li style=\"text-align: justify;\">Coordinar con las empresas de servicios aeroportuarios, todo lo <br \/>\nrelativo a la seguridad y operatividad en la zona aeroportuaria.<\/li>\n<li style=\"text-align: justify;\">Coordinar con la autoridad aeron\u00e1utica, Servicio Nacional Integrado <br \/>\nde Administraci\u00f3n Aduanera y Tributaria (SENIAT), Ministerio del <br \/>\nPoder Popular para el Ecosocialismo, Ministerio del Poder Popular <br \/>\npara la Atenci\u00f3n de las Aguas, Guardia Nacional Bolivariana, Aviaci\u00f3n <br \/>\nMilitar Bolivariana, Comando Antidrogas, organismos de seguridad <br \/>\nde Estado y empresas de servicios aeroportuarios, los aspectos <br \/>\ninherentes a los planes de protecci\u00f3n, seguridad e higiene Industrial <br \/>\ny ambiental de las zonas a la cual corresponda su jurisdicci\u00f3n.<\/li>\n<li style=\"text-align: justify;\">Elaborar y coordinar los procedimientos establecidos en el Plan de <br \/>\nSeguridad y Emergencias para cada uno de los aer\u00f3dromos al cual <br \/>\ncorresponda su jurisdicci\u00f3n.<\/li>\n<li style=\"text-align: justify;\">Velar por el correcto funcionamiento de las maquinarias utilizadas en <br \/>\nlas operaciones aeroportuarias y hacer las recomendaciones <br \/>\nnecesarias.<\/li>\n<li style=\"text-align: justify;\">Llevar estad\u00edsticas de accidentes en materia aeron\u00e1utica.<\/li>\n<li style=\"text-align: justify;\">Velar por el mantenimiento, conservaci\u00f3n y buen funcionamiento de <br \/>\nlas instalaciones de los aeropuertos.<\/li>\n<li style=\"text-align: justify;\">Realizar las inspecciones peri\u00f3dicamente a todas las instalaciones de <br \/>\nlos aeropuertos, con el fin de detectar cualquier anormalidad o falla.<\/li>\n<li style=\"text-align: justify;\">Controlar las operaciones aeroportuarias que se realizan a las <br \/>\naeronaves arribadas o parqueadas, tales como: abastecimiento de <br \/>\nv\u00edveres, lubricantes, combustibles, traslado y movilizaci\u00f3n de equipos <br \/>\npara apoyo o para ser reparados, que se hagan a trav\u00e9s de las <br \/>\ninstalaciones de los aer\u00f3dromos, a fin de que se cumplan con la <br \/>\ndisposiciones del r\u00e9gimen tarifario y normas generales del aeropuerto.<\/li>\n<li style=\"text-align: justify;\">Coordinar con el Instituto Nacional de Aeron\u00e1utica Civil y<br \/>\nCoordinaci\u00f3n de Seguridad (AVESEC) el aterrizaje y despegue de <br \/>\naeronaves, a fin de garantizar el cumplimiento del pago de las tasas <br \/>\nde derecho por uso de las facilidades aeroportuarias antes del <br \/>\naterrizaje o despegue.<\/li>\n<li style=\"text-align: justify;\">Tomar medidas para la movilizaci\u00f3n de cualquier aeronave que haya <br \/>\nsido objeto de medidas judiciales o administrativas, preventivas o <br \/>\nejecutivas, a una posici\u00f3n m\u00e1s convenientes a la seguridad e inter\u00e9s <br \/>\ncomercial del puerto, sin perjuicio de la medida que pese sobre la <br \/>\naeronave de acuerdo a los lineamientos de la Presidencia del <br \/>\nInstituto y de conformidad con la Ley de Aeron\u00e1utica Civil.<\/li>\n<li style=\"text-align: justify;\">Planificar, coordinar y controlar las actividades del personal del <br \/>\nServicio a su cargo.<\/li>\n<li style=\"text-align: justify;\">Coordinar con la Secretar\u00eda de Infraestructura del Territorio Insular <br \/>\nFrancisco de Miranda, la programaci\u00f3n y ejecuci\u00f3n de obras de <br \/>\nmantenimiento aeroportuario de acuerdo al Plan Operativo y de <br \/>\nDesarrollo de cada aer\u00f3dromo.<\/li>\n<li style=\"text-align: justify;\">Verificar el cumplimiento de las disposiciones y normas aeron\u00e1uticas <br \/>\nas\u00ed como las internas vigentes en materia de seguridad y <br \/>\nemergencias.<\/li>\n<li style=\"text-align: justify;\">Verificar el cumplimiento y correcto funcionamiento de los Servicios <br \/>\nM\u00e9dicos del Aeropuerto.<br \/>\nRecaudar las tarifas, tasas, multas, intereses y dem\u00e1s obligaciones <br \/>\naccesorias y emitir las respectivas solvencias cuando corresponda, <br \/>\npor la prestaci\u00f3n de sus servicios.<\/li>\n<li style=\"text-align: justify;\">Las dem\u00e1s competencias que le sean asignadas por la autoridad <br \/>\ncompetente, por la normativa vigente y acordes con la naturaleza <br \/>\ndel Servicio.<\/li>\n<\/ol>\n            \t\t<\/div>\r\n            \t<\/div>\r\n            <\/div>\r\n      <\/div>\r\n<\/div>\t\t\t\t\t<\/div>\r\n\t\t\t\t<\/div>\r\n\t\t\t\t\t<\/div>\r\n\t<\/div>\n\n\n\n<div class=\"wp-block-columns is-layout-flex wp-container-core-columns-is-layout-9d6595d7 wp-block-columns-is-layout-flex\"><\/div>\n","protected":false},"excerpt":{"rendered":"","protected":false},"author":1,"featured_media":0,"parent":0,"menu_order":0,"comment_status":"closed","ping_status":"closed","template":"","meta":{"footnotes":""},"class_list":["post-21","page","type-page","status-publish","hentry"],"_links":{"self":[{"href":"https:\/\/www.tifm.gob.ve\/index.php?rest_route=\/wp\/v2\/pages\/21","targetHints":{"allow":["GET"]}}],"collection":[{"href":"https:\/\/www.tifm.gob.ve\/index.php?rest_route=\/wp\/v2\/pages"}],"about":[{"href":"https:\/\/www.tifm.gob.ve\/index.php?rest_route=\/wp\/v2\/types\/page"}],"author":[{"embeddable":true,"href":"https:\/\/www.tifm.gob.ve\/index.php?rest_route=\/wp\/v2\/users\/1"}],"replies":[{"embeddable":true,"href":"https:\/\/www.tifm.gob.ve\/index.php?rest_route=%2Fwp%2Fv2%2Fcomments&post=21"}],"version-history":[{"count":46,"href":"https:\/\/www.tifm.gob.ve\/index.php?rest_route=\/wp\/v2\/pages\/21\/revisions"}],"predecessor-version":[{"id":1324,"href":"https:\/\/www.tifm.gob.ve\/index.php?rest_route=\/wp\/v2\/pages\/21\/revisions\/1324"}],"wp:attachment":[{"href":"https:\/\/www.tifm.gob.ve\/index.php?rest_route=%2Fwp%2Fv2%2Fmedia&parent=21"}],"curies":[{"name":"wp","href":"https:\/\/api.w.org\/{rel}","templated":true}]}}